{"id":266577,"date":"2026-03-01T02:58:15","date_gmt":"2026-03-01T01:58:15","guid":{"rendered":"https:\/\/turiya.de\/events\/vitalitaet-energetisches-erwachen\/"},"modified":"2026-03-18T23:15:18","modified_gmt":"2026-03-18T22:15:18","slug":"vitalitaet-energetisches-erwachen","status":"publish","type":"ajde_events","link":"https:\/\/turiya.de\/en\/events\/vitalitaet-energetisches-erwachen\/","title":{"rendered":"Vitalit\u00e4t &#038; energetisches Erwachen"},"content":{"rendered":"<h1 style=\"text-align: center;\"><span style=\"color: #d57146;\">Vitalit\u00e4t &amp; energetisches Erwachen<\/span><\/h1>\n<p>Vitalit\u00e4t beschreibt die F\u00e4higkeit deines Systems, Spannung zu regulieren, Energie aufzubauen und bewusst zu lenken. Sie schenkt dir echte Kraft und die F\u00e4higkeit zu tiefer meditativer und intuitiver Erfahrung.<br \/>\n<strong><img loading=\"lazy\" decoding=\"async\" class=\"alignnone size-full wp-image-10908\" src=\"https:\/\/turiya.de\/wp-content\/uploads\/2022\/11\/x-1.png\" alt=\"\" width=\"5\" height=\"5\" \/><\/strong><\/p>\n<p>Das Fr\u00fchjahr unterst\u00fctzt diese Dynamik: unser System ist nat\u00fcrlicherweise auf Erneuerung und Aufbau ausgerichtet. Wir arbeiten mit Atemf\u00fchrung, Ausrichtung der Wirbels\u00e4ule, Aktivierung des energetischen Zentrums unter dem Nabel und Kontemplation. Aus dieser Stabilit\u00e4t kann sich Energie auf nat\u00fcrliche Weise entfalten.<\/p>\n<p><strong>In bewusster Verbindung mit deinem Prana und deiner Kundalini erf\u00e4hrst du Lebendigkeit, Klarheit und innere Erf\u00fcllung.<img loading=\"lazy\" decoding=\"async\" class=\"alignnone size-full wp-image-10908\" src=\"https:\/\/turiya.de\/wp-content\/uploads\/2022\/11\/x-1.png\" alt=\"\" width=\"5\" height=\"5\" \/><br \/>\n<img loading=\"lazy\" decoding=\"async\" class=\"alignnone size-full wp-image-10908\" src=\"https:\/\/turiya.de\/wp-content\/uploads\/2022\/11\/x-1.png\" alt=\"\" width=\"5\" height=\"5\" \/><br \/>\n<\/strong><\/p>\n<p><strong>Wirkungen der Praxis<\/strong><\/p>\n<ul>\n<li>mehr k\u00f6rperliche Pr\u00e4senz und Stabilit\u00e4t<\/li>\n<li>klarere mentale Prozesse<\/li>\n<li>gesteigerte Regenerationsf\u00e4higkeit<\/li>\n<li>authentischerer Ausdruck<\/li>\n<\/ul>\n<p style=\"text-align: center;\">*****<\/p>\n<h2 style=\"text-align: center; font-size: 140%;\"><strong>Buchung auf Sofengo:<\/strong><br \/>\n<a href=\"https:\/\/www.sofengo.de\/w\/449970\" target=\"_blank\" rel=\"noopener\">www.sofengo.de\/w\/449970<\/a><\/h2>\n<p><strong><img loading=\"lazy\" decoding=\"async\" class=\"alignnone size-full wp-image-10908\" src=\"https:\/\/turiya.de\/wp-content\/uploads\/2022\/11\/x-1.png\" alt=\"\" width=\"5\" height=\"5\" \/><br \/>\nZEITEN live<\/strong>: 22.4.-13.5.26 von 5:30 &#8211; 6:30 h<br \/>\n<b>BEITRAG: <\/b>39 \u20ac<br \/>\n<strong><img loading=\"lazy\" decoding=\"async\" class=\"alignnone size-full wp-image-10908\" src=\"https:\/\/turiya.de\/wp-content\/uploads\/2022\/11\/x-1.png\" alt=\"\" width=\"5\" height=\"5\" \/><\/strong><\/p>\n<p>Special Meditation live von 6:35 &#8211; ca. 6:50 h<br \/>\nWenn Du gerne sp\u00e4ter oder mehr meditierst, \u00fcben wir ab ca. 6.35 Uhr eine weitere spezielle Meditation. Sie ist ebenfalls eine Quelle tiefer Transformation und Heilung.<\/p>\n<p>&nbsp;<\/p>\n<p style=\"text-align: center;\">*****<\/p>\n<p>Die Meditationen finden auf ZOOM statt. Den Zoom-Link erh\u00e4ltst Du Abends bis 22.00 Uhr per Mail (schaue bitte auch in Deinem Spam-Ordner).<\/p>\n<p>&nbsp;<\/p>\n<p><strong>1. SOFENGO:<\/strong> nur zur Buchung und f\u00fcr deine Rechnung, den Link von Sofengo zum Webinarraum kannst du ignorieren<br \/>\n<strong>2. ZOOM:<\/strong> dort finden die live-Webinare statt, den Link erh\u00e4ltst du mit unserer Mail<br \/>\n<strong>3. DOWNLOAD-LINK:<\/strong> f\u00fcr die Videos erh\u00e4ltst du mit unserer Mail<\/p>\n<p>&nbsp;<\/p>\n<p style=\"text-align: center;\">Die Anmeldung auf der Online Plattform Sofengo ist kostenfrei.<br \/>\nBei Webinarbuchung kannst Du bequem per \u00dcberweisung, Paypal oder Kreditkarte zahlen.<\/p>\n<p>&nbsp;<\/p>\n<p style=\"text-align: center;\">Made with <span class=\"_5mfr\" style=\"color: #d57146;\"><span class=\"_6qdm\">\u2665<\/span><\/span> and good vibes<\/p>\n","protected":false},"author":11,"featured_media":266867,"menu_order":0,"comment_status":"closed","ping_status":"closed","template":"","meta":{"_et_pb_use_builder":"off","_et_pb_old_content":"","_et_gb_content_width":""},"tags":[],"event_type":[120],"event_type_2":[],"event_type_3":[176],"event_type_4":[241],"class_list":["post-266577","ajde_events","type-ajde_events","status-publish","has-post-thumbnail","hentry","event_location-zoom","event_organizer-carmen-smida","event_type-online-meditation","event_type_3-morgenmeditation","event_type_4-de-en"],"yoast_head":"<!-- This site is optimized with the Yoast SEO plugin v27.3 - https:\/\/yoast.com\/product\/yoast-seo-wordpress\/ -->\n<title>Vitalit\u00e4t &amp; energetisches Erwachen | turiya<\/title>\n<meta name=\"description\" content=\"In dieser Serie teile ich verschiedene Praktiken mit dir, mit denen du dein Unterbewusstsein kl\u00e4ren und befreien kannst.\" \/>\n<meta name=\"robots\" content=\"index, follow, max-snippet:-1, max-image-preview:large, max-video-preview:-1\" \/>\n<link rel=\"canonical\" href=\"https:\/\/turiya.de\/en\/events\/vitalitaet-energetisches-erwachen\/\" \/>\n<meta property=\"og:locale\" content=\"en_US\" \/>\n<meta property=\"og:type\" content=\"article\" \/>\n<meta property=\"og:title\" content=\"Vitalit\u00e4t &amp; energetisches Erwachen | turiya\" \/>\n<meta property=\"og:description\" content=\"In dieser Serie teile ich verschiedene Praktiken mit dir, mit denen du dein Unterbewusstsein kl\u00e4ren und befreien kannst.\" \/>\n<meta property=\"og:url\" content=\"https:\/\/turiya.de\/en\/events\/vitalitaet-energetisches-erwachen\/\" \/>\n<meta property=\"og:site_name\" content=\"turiya\" \/>\n<meta property=\"article:publisher\" content=\"https:\/\/www.facebook.com\/turiya.de\/\" \/>\n<meta property=\"article:modified_time\" content=\"2026-03-18T22:15:18+00:00\" \/>\n<meta property=\"og:image\" content=\"https:\/\/turiya.de\/wp-content\/uploads\/2026\/03\/Vitalitaet-energetisches-Erwachen-1.jpg\" \/>\n\t<meta property=\"og:image:width\" content=\"1000\" \/>\n\t<meta property=\"og:image:height\" content=\"710\" \/>\n\t<meta property=\"og:image:type\" content=\"image\/jpeg\" \/>\n<meta name=\"twitter:card\" content=\"summary_large_image\" \/>\n<meta name=\"twitter:label1\" content=\"Est. reading time\" \/>\n\t<meta name=\"twitter:data1\" content=\"3 minutes\" \/>\n<script type=\"application\/ld+json\" class=\"yoast-schema-graph\">{\"@context\":\"https:\\\/\\\/schema.org\",\"@graph\":[{\"@type\":\"WebPage\",\"@id\":\"https:\\\/\\\/turiya.de\\\/en\\\/events\\\/vitalitaet-energetisches-erwachen\\\/\",\"url\":\"https:\\\/\\\/turiya.de\\\/en\\\/events\\\/vitalitaet-energetisches-erwachen\\\/\",\"name\":\"Vitalit\u00e4t & energetisches Erwachen | turiya\",\"isPartOf\":{\"@id\":\"https:\\\/\\\/turiya.de\\\/en\\\/#website\"},\"primaryImageOfPage\":{\"@id\":\"https:\\\/\\\/turiya.de\\\/en\\\/events\\\/vitalitaet-energetisches-erwachen\\\/#primaryimage\"},\"image\":{\"@id\":\"https:\\\/\\\/turiya.de\\\/en\\\/events\\\/vitalitaet-energetisches-erwachen\\\/#primaryimage\"},\"thumbnailUrl\":\"https:\\\/\\\/turiya.de\\\/wp-content\\\/uploads\\\/2026\\\/03\\\/Vitalitaet-energetisches-Erwachen-1.jpg\",\"datePublished\":\"2026-03-01T01:58:15+00:00\",\"dateModified\":\"2026-03-18T22:15:18+00:00\",\"description\":\"In dieser Serie teile ich verschiedene Praktiken mit dir, mit denen du dein Unterbewusstsein kl\u00e4ren und befreien kannst.\",\"breadcrumb\":{\"@id\":\"https:\\\/\\\/turiya.de\\\/en\\\/events\\\/vitalitaet-energetisches-erwachen\\\/#breadcrumb\"},\"inLanguage\":\"en-US\",\"potentialAction\":[{\"@type\":\"ReadAction\",\"target\":[\"https:\\\/\\\/turiya.de\\\/en\\\/events\\\/vitalitaet-energetisches-erwachen\\\/\"]}]},{\"@type\":\"ImageObject\",\"inLanguage\":\"en-US\",\"@id\":\"https:\\\/\\\/turiya.de\\\/en\\\/events\\\/vitalitaet-energetisches-erwachen\\\/#primaryimage\",\"url\":\"https:\\\/\\\/turiya.de\\\/wp-content\\\/uploads\\\/2026\\\/03\\\/Vitalitaet-energetisches-Erwachen-1.jpg\",\"contentUrl\":\"https:\\\/\\\/turiya.de\\\/wp-content\\\/uploads\\\/2026\\\/03\\\/Vitalitaet-energetisches-Erwachen-1.jpg\",\"width\":1000,\"height\":710},{\"@type\":\"BreadcrumbList\",\"@id\":\"https:\\\/\\\/turiya.de\\\/en\\\/events\\\/vitalitaet-energetisches-erwachen\\\/#breadcrumb\",\"itemListElement\":[{\"@type\":\"ListItem\",\"position\":1,\"name\":\"Startseite\",\"item\":\"https:\\\/\\\/turiya.de\\\/en\\\/\"},{\"@type\":\"ListItem\",\"position\":2,\"name\":\"Events\",\"item\":\"https:\\\/\\\/turiya.de\\\/en\\\/events\\\/\"},{\"@type\":\"ListItem\",\"position\":3,\"name\":\"Vitalit\u00e4t &#038; energetisches Erwachen\"}]},{\"@type\":\"WebSite\",\"@id\":\"https:\\\/\\\/turiya.de\\\/en\\\/#website\",\"url\":\"https:\\\/\\\/turiya.de\\\/en\\\/\",\"name\":\"turiya\",\"description\":\"Meditation und Sat Nam Rasayan mit Sven Butz\",\"publisher\":{\"@id\":\"https:\\\/\\\/turiya.de\\\/en\\\/#organization\"},\"alternateName\":\"turiya Sven Butz\",\"potentialAction\":[{\"@type\":\"SearchAction\",\"target\":{\"@type\":\"EntryPoint\",\"urlTemplate\":\"https:\\\/\\\/turiya.de\\\/en\\\/?s={search_term_string}\"},\"query-input\":{\"@type\":\"PropertyValueSpecification\",\"valueRequired\":true,\"valueName\":\"search_term_string\"}}],\"inLanguage\":\"en-US\"},{\"@type\":\"Organization\",\"@id\":\"https:\\\/\\\/turiya.de\\\/en\\\/#organization\",\"name\":\"turiya Schule f\u00fcr Meditation und Heilen \u2022 Sven Butz\",\"alternateName\":\"turiya \u2022 Sven Butz\",\"url\":\"https:\\\/\\\/turiya.de\\\/en\\\/\",\"logo\":{\"@type\":\"ImageObject\",\"inLanguage\":\"en-US\",\"@id\":\"https:\\\/\\\/turiya.de\\\/en\\\/#\\\/schema\\\/logo\\\/image\\\/\",\"url\":\"https:\\\/\\\/turiya.de\\\/wp-content\\\/uploads\\\/2025\\\/04\\\/Logo_Turiya.png\",\"contentUrl\":\"https:\\\/\\\/turiya.de\\\/wp-content\\\/uploads\\\/2025\\\/04\\\/Logo_Turiya.png\",\"width\":996,\"height\":339,\"caption\":\"turiya Schule f\u00fcr Meditation und Heilen \u2022 Sven Butz\"},\"image\":{\"@id\":\"https:\\\/\\\/turiya.de\\\/en\\\/#\\\/schema\\\/logo\\\/image\\\/\"},\"sameAs\":[\"https:\\\/\\\/www.facebook.com\\\/turiya.de\\\/\",\"https:\\\/\\\/www.instagram.com\\\/turiya.de\\\/\",\"https:\\\/\\\/www.youtube.com\\\/c\\\/TuriyaSvenButz\"]}]}<\/script>\n<!-- \/ Yoast SEO plugin. -->","yoast_head_json":{"title":"Vitalit\u00e4t & energetisches Erwachen | turiya","description":"In dieser Serie teile ich verschiedene Praktiken mit dir, mit denen du dein Unterbewusstsein kl\u00e4ren und befreien kannst.","robots":{"index":"index","follow":"follow","max-snippet":"max-snippet:-1","max-image-preview":"max-image-preview:large","max-video-preview":"max-video-preview:-1"},"canonical":"https:\/\/turiya.de\/en\/events\/vitalitaet-energetisches-erwachen\/","og_locale":"en_US","og_type":"article","og_title":"Vitalit\u00e4t & energetisches Erwachen | turiya","og_description":"In dieser Serie teile ich verschiedene Praktiken mit dir, mit denen du dein Unterbewusstsein kl\u00e4ren und befreien kannst.","og_url":"https:\/\/turiya.de\/en\/events\/vitalitaet-energetisches-erwachen\/","og_site_name":"turiya","article_publisher":"https:\/\/www.facebook.com\/turiya.de\/","article_modified_time":"2026-03-18T22:15:18+00:00","og_image":[{"width":1000,"height":710,"url":"https:\/\/turiya.de\/wp-content\/uploads\/2026\/03\/Vitalitaet-energetisches-Erwachen-1.jpg","type":"image\/jpeg"}],"twitter_card":"summary_large_image","twitter_misc":{"Est. reading time":"3 minutes"},"schema":{"@context":"https:\/\/schema.org","@graph":[{"@type":"WebPage","@id":"https:\/\/turiya.de\/en\/events\/vitalitaet-energetisches-erwachen\/","url":"https:\/\/turiya.de\/en\/events\/vitalitaet-energetisches-erwachen\/","name":"Vitalit\u00e4t & energetisches Erwachen | turiya","isPartOf":{"@id":"https:\/\/turiya.de\/en\/#website"},"primaryImageOfPage":{"@id":"https:\/\/turiya.de\/en\/events\/vitalitaet-energetisches-erwachen\/#primaryimage"},"image":{"@id":"https:\/\/turiya.de\/en\/events\/vitalitaet-energetisches-erwachen\/#primaryimage"},"thumbnailUrl":"https:\/\/turiya.de\/wp-content\/uploads\/2026\/03\/Vitalitaet-energetisches-Erwachen-1.jpg","datePublished":"2026-03-01T01:58:15+00:00","dateModified":"2026-03-18T22:15:18+00:00","description":"In dieser Serie teile ich verschiedene Praktiken mit dir, mit denen du dein Unterbewusstsein kl\u00e4ren und befreien kannst.","breadcrumb":{"@id":"https:\/\/turiya.de\/en\/events\/vitalitaet-energetisches-erwachen\/#breadcrumb"},"inLanguage":"en-US","potentialAction":[{"@type":"ReadAction","target":["https:\/\/turiya.de\/en\/events\/vitalitaet-energetisches-erwachen\/"]}]},{"@type":"ImageObject","inLanguage":"en-US","@id":"https:\/\/turiya.de\/en\/events\/vitalitaet-energetisches-erwachen\/#primaryimage","url":"https:\/\/turiya.de\/wp-content\/uploads\/2026\/03\/Vitalitaet-energetisches-Erwachen-1.jpg","contentUrl":"https:\/\/turiya.de\/wp-content\/uploads\/2026\/03\/Vitalitaet-energetisches-Erwachen-1.jpg","width":1000,"height":710},{"@type":"BreadcrumbList","@id":"https:\/\/turiya.de\/en\/events\/vitalitaet-energetisches-erwachen\/#breadcrumb","itemListElement":[{"@type":"ListItem","position":1,"name":"Startseite","item":"https:\/\/turiya.de\/en\/"},{"@type":"ListItem","position":2,"name":"Events","item":"https:\/\/turiya.de\/en\/events\/"},{"@type":"ListItem","position":3,"name":"Vitalit\u00e4t &#038; energetisches Erwachen"}]},{"@type":"WebSite","@id":"https:\/\/turiya.de\/en\/#website","url":"https:\/\/turiya.de\/en\/","name":"turiya","description":"Meditation und Sat Nam Rasayan mit Sven Butz","publisher":{"@id":"https:\/\/turiya.de\/en\/#organization"},"alternateName":"turiya Sven Butz","potentialAction":[{"@type":"SearchAction","target":{"@type":"EntryPoint","urlTemplate":"https:\/\/turiya.de\/en\/?s={search_term_string}"},"query-input":{"@type":"PropertyValueSpecification","valueRequired":true,"valueName":"search_term_string"}}],"inLanguage":"en-US"},{"@type":"Organization","@id":"https:\/\/turiya.de\/en\/#organization","name":"turiya Schule f\u00fcr Meditation und Heilen \u2022 Sven Butz","alternateName":"turiya \u2022 Sven Butz","url":"https:\/\/turiya.de\/en\/","logo":{"@type":"ImageObject","inLanguage":"en-US","@id":"https:\/\/turiya.de\/en\/#\/schema\/logo\/image\/","url":"https:\/\/turiya.de\/wp-content\/uploads\/2025\/04\/Logo_Turiya.png","contentUrl":"https:\/\/turiya.de\/wp-content\/uploads\/2025\/04\/Logo_Turiya.png","width":996,"height":339,"caption":"turiya Schule f\u00fcr Meditation und Heilen \u2022 Sven Butz"},"image":{"@id":"https:\/\/turiya.de\/en\/#\/schema\/logo\/image\/"},"sameAs":["https:\/\/www.facebook.com\/turiya.de\/","https:\/\/www.instagram.com\/turiya.de\/","https:\/\/www.youtube.com\/c\/TuriyaSvenButz"]}]}},"_links":{"self":[{"href":"https:\/\/turiya.de\/en\/wp-json\/wp\/v2\/ajde_events\/266577","targetHints":{"allow":["GET"]}}],"collection":[{"href":"https:\/\/turiya.de\/en\/wp-json\/wp\/v2\/ajde_events"}],"about":[{"href":"https:\/\/turiya.de\/en\/wp-json\/wp\/v2\/types\/ajde_events"}],"author":[{"embeddable":true,"href":"https:\/\/turiya.de\/en\/wp-json\/wp\/v2\/users\/11"}],"replies":[{"embeddable":true,"href":"https:\/\/turiya.de\/en\/wp-json\/wp\/v2\/comments?post=266577"}],"wp:featuredmedia":[{"embeddable":true,"href":"https:\/\/turiya.de\/en\/wp-json\/wp\/v2\/media\/266867"}],"wp:attachment":[{"href":"https:\/\/turiya.de\/en\/wp-json\/wp\/v2\/media?parent=266577"}],"wp:term":[{"taxonomy":"post_tag","embeddable":true,"href":"https:\/\/turiya.de\/en\/wp-json\/wp\/v2\/tags?post=266577"},{"taxonomy":"event_type","embeddable":true,"href":"https:\/\/turiya.de\/en\/wp-json\/wp\/v2\/event_type?post=266577"},{"taxonomy":"event_type_2","embeddable":true,"href":"https:\/\/turiya.de\/en\/wp-json\/wp\/v2\/event_type_2?post=266577"},{"taxonomy":"event_type_3","embeddable":true,"href":"https:\/\/turiya.de\/en\/wp-json\/wp\/v2\/event_type_3?post=266577"},{"taxonomy":"event_type_4","embeddable":true,"href":"https:\/\/turiya.de\/en\/wp-json\/wp\/v2\/event_type_4?post=266577"}],"curies":[{"name":"wp","href":"https:\/\/api.w.org\/{rel}","templated":true}]}}